{"id":8933,"date":"2024-03-08T16:03:29","date_gmt":"2024-03-08T15:03:29","guid":{"rendered":"https:\/\/www.connectedwind.com\/?post_type=vacancies&#038;p=8933"},"modified":"2026-03-26T09:48:07","modified_gmt":"2026-03-26T08:48:07","slug":"team-beelitz-enercon","status":"publish","type":"vacancies","link":"https:\/\/www.connectedwind.com\/de\/vacancies\/team-beelitz-enercon\/","title":{"rendered":"Servicetechniker (m\/w\/d) &#8211; einzeln oder als Team &#8211; f\u00fcr Enercon-Windenergieanlagen in Beelitz &#8211; Region Brandenburg"},"parent":0,"template":"","class_list":["post-8933","vacancies","type-vacancies","status-publish","hentry"],"yoast_head":"<!-- This site is optimized with the Yoast SEO plugin v24.7 - https:\/\/yoast.com\/wordpress\/plugins\/seo\/ -->\n<title>Servicetechniker (m\/w\/d) - einzeln oder als Team - f\u00fcr Enercon-Windenergieanlagen in Beelitz - Region Brandenburg - Connected Wind Services<\/title>\n<meta name=\"robots\" content=\"index, follow, max-snippet:-1, max-image-preview:large, max-video-preview:-1\" \/>\n<link rel=\"canonical\" href=\"https:\/\/www.connectedwind.com\/de\/vacancies\/team-beelitz-enercon\/\" \/>\n<meta property=\"og:locale\" content=\"de_DE\" \/>\n<meta property=\"og:type\" content=\"article\" \/>\n<meta property=\"og:title\" content=\"Servicetechniker (m\/w\/d) - einzeln oder als Team - f\u00fcr Enercon-Windenergieanlagen in Beelitz - Region Brandenburg - Connected Wind Services\" \/>\n<meta property=\"og:url\" content=\"https:\/\/www.connectedwind.com\/de\/vacancies\/team-beelitz-enercon\/\" \/>\n<meta property=\"og:site_name\" content=\"Connected Wind Services\" \/>\n<meta property=\"article:modified_time\" content=\"2026-03-26T08:48:07+00:00\" \/>\n<meta name=\"twitter:card\" content=\"summary_large_image\" \/>\n<script type=\"application\/ld+json\" class=\"yoast-schema-graph\">{\"@context\":\"https:\/\/schema.org\",\"@graph\":[{\"@type\":\"WebPage\",\"@id\":\"https:\/\/www.connectedwind.com\/de\/vacancies\/team-beelitz-enercon\/\",\"url\":\"https:\/\/www.connectedwind.com\/de\/vacancies\/team-beelitz-enercon\/\",\"name\":\"Servicetechniker (m\/w\/d) - einzeln oder als Team - f\u00fcr Enercon-Windenergieanlagen in Beelitz - Region Brandenburg - Connected Wind Services\",\"isPartOf\":{\"@id\":\"https:\/\/www.connectedwind.com\/fr\/#website\"},\"datePublished\":\"2024-03-08T15:03:29+00:00\",\"dateModified\":\"2026-03-26T08:48:07+00:00\",\"breadcrumb\":{\"@id\":\"https:\/\/www.connectedwind.com\/de\/vacancies\/team-beelitz-enercon\/#breadcrumb\"},\"inLanguage\":\"de-DE\",\"potentialAction\":[{\"@type\":\"ReadAction\",\"target\":[\"https:\/\/www.connectedwind.com\/de\/vacancies\/team-beelitz-enercon\/\"]}]},{\"@type\":\"BreadcrumbList\",\"@id\":\"https:\/\/www.connectedwind.com\/de\/vacancies\/team-beelitz-enercon\/#breadcrumb\",\"itemListElement\":[{\"@type\":\"ListItem\",\"position\":1,\"name\":\"Home\",\"item\":\"https:\/\/www.connectedwind.com\/de\/\"},{\"@type\":\"ListItem\",\"position\":2,\"name\":\"Servicetechniker (m\/w\/d) &#8211; einzeln oder als Team &#8211; f\u00fcr Enercon-Windenergieanlagen in Beelitz &#8211; Region Brandenburg\"}]},{\"@type\":\"WebSite\",\"@id\":\"https:\/\/www.connectedwind.com\/fr\/#website\",\"url\":\"https:\/\/www.connectedwind.com\/fr\/\",\"name\":\"Connected Wind Services\",\"description\":\"ISP for reliable O&amp;M services &amp; parts\",\"potentialAction\":[{\"@type\":\"SearchAction\",\"target\":{\"@type\":\"EntryPoint\",\"urlTemplate\":\"https:\/\/www.connectedwind.com\/fr\/?s={search_term_string}\"},\"query-input\":{\"@type\":\"PropertyValueSpecification\",\"valueRequired\":true,\"valueName\":\"search_term_string\"}}],\"inLanguage\":\"de-DE\"}]}<\/script>\n<!-- \/ Yoast SEO plugin. -->","yoast_head_json":{"title":"Servicetechniker (m\/w\/d) - einzeln oder als Team - f\u00fcr Enercon-Windenergieanlagen in Beelitz - Region Brandenburg - Connected Wind Services","robots":{"index":"index","follow":"follow","max-snippet":"max-snippet:-1","max-image-preview":"max-image-preview:large","max-video-preview":"max-video-preview:-1"},"canonical":"https:\/\/www.connectedwind.com\/de\/vacancies\/team-beelitz-enercon\/","og_locale":"de_DE","og_type":"article","og_title":"Servicetechniker (m\/w\/d) - einzeln oder als Team - f\u00fcr Enercon-Windenergieanlagen in Beelitz - Region Brandenburg - Connected Wind Services","og_url":"https:\/\/www.connectedwind.com\/de\/vacancies\/team-beelitz-enercon\/","og_site_name":"Connected Wind Services","article_modified_time":"2026-03-26T08:48:07+00:00","twitter_card":"summary_large_image","schema":{"@context":"https:\/\/schema.org","@graph":[{"@type":"WebPage","@id":"https:\/\/www.connectedwind.com\/de\/vacancies\/team-beelitz-enercon\/","url":"https:\/\/www.connectedwind.com\/de\/vacancies\/team-beelitz-enercon\/","name":"Servicetechniker (m\/w\/d) - einzeln oder als Team - f\u00fcr Enercon-Windenergieanlagen in Beelitz - Region Brandenburg - Connected Wind Services","isPartOf":{"@id":"https:\/\/www.connectedwind.com\/fr\/#website"},"datePublished":"2024-03-08T15:03:29+00:00","dateModified":"2026-03-26T08:48:07+00:00","breadcrumb":{"@id":"https:\/\/www.connectedwind.com\/de\/vacancies\/team-beelitz-enercon\/#breadcrumb"},"inLanguage":"de-DE","potentialAction":[{"@type":"ReadAction","target":["https:\/\/www.connectedwind.com\/de\/vacancies\/team-beelitz-enercon\/"]}]},{"@type":"BreadcrumbList","@id":"https:\/\/www.connectedwind.com\/de\/vacancies\/team-beelitz-enercon\/#breadcrumb","itemListElement":[{"@type":"ListItem","position":1,"name":"Home","item":"https:\/\/www.connectedwind.com\/de\/"},{"@type":"ListItem","position":2,"name":"Servicetechniker (m\/w\/d) &#8211; einzeln oder als Team &#8211; f\u00fcr Enercon-Windenergieanlagen in Beelitz &#8211; Region Brandenburg"}]},{"@type":"WebSite","@id":"https:\/\/www.connectedwind.com\/fr\/#website","url":"https:\/\/www.connectedwind.com\/fr\/","name":"Connected Wind Services","description":"ISP for reliable O&amp;M services &amp; parts","potentialAction":[{"@type":"SearchAction","target":{"@type":"EntryPoint","urlTemplate":"https:\/\/www.connectedwind.com\/fr\/?s={search_term_string}"},"query-input":{"@type":"PropertyValueSpecification","valueRequired":true,"valueName":"search_term_string"}}],"inLanguage":"de-DE"}]}},"app_templates_career_top_banner_gxehdbzcl1oraa8f":{"value":"","col":"6","position":"before"},"app_templates_career_top_banner_image":"","app_templates_career_top_banner_chmfziksfz6yr6rt":{"value":"","col":"6","position":"before"},"app_templates_career_top_banner_fmxgzvsz1cf5wvgo":{"value":"","col":"6","position":"before"},"app_templates_career_top_banner_pretitle":"","app_templates_career_top_banner_title":"","app_templates_career_top_banner_dndccciwhetekimx":{"value":"","col":"6","position":"before"},"app_templates_career_modules_modules":[],"app_templates_contact_top_banner_gtshnieldg1t962x":{"value":"","col":"6","position":"before"},"app_templates_contact_top_banner_image":"","app_templates_contact_top_banner_95xfgsjaedh4s7ng":{"value":"","col":"6","position":"before"},"app_templates_contact_top_banner_v4tm1gq5mz1o3pd1":{"value":"","col":"6","position":"before"},"app_templates_contact_top_banner_pretitle":"","app_templates_contact_top_banner_title":"","app_templates_contact_top_banner_fgv1mgkjlb0a2keu":{"value":"","col":"6","position":"before"},"app_templates_contact_contact_title":"","app_templates_contact_contact_background":"bg-white","app_templates_contact_contact_description":"","app_templates_contact_contact_drop_downs":[],"app_templates_contact_contact_placeholder":"","app_templates_contact_contact_to":"","app_templates_contact_contact_button":"","app_templates_contact_contact_employees":[],"app_templates_contact_contact_hide_company":false,"app_templates_contact_offices_offices":[],"app_templates_contact_modules_modules":[],"app_templates_cookies_top_banner_o9qmwwcsssgovorr":{"value":"","col":"6","position":"before"},"app_templates_cookies_top_banner_image":"","app_templates_cookies_top_banner_4ayyhn6f9df5ghtn":{"value":"","col":"6","position":"before"},"app_templates_cookies_top_banner_umc191idg0ufcbpp":{"value":"","col":"6","position":"before"},"app_templates_cookies_top_banner_pretitle":"","app_templates_cookies_top_banner_title":"","app_templates_cookies_top_banner_3k8vtvlhnztf9mf8":{"value":"","col":"6","position":"before"},"app_templates_customer_service_top_banner_dwebpnfwlxlnhx0s":{"value":"","col":"6","position":"before"},"app_templates_customer_service_top_banner_image":"","app_templates_customer_service_top_banner_jij8drzxgwtnxlmq":{"value":"","col":"6","position":"before"},"app_templates_customer_service_top_banner_onbocqcg3fry2bmb":{"value":"","col":"6","position":"before"},"app_templates_customer_service_top_banner_pretitle":"","app_templates_customer_service_top_banner_title":"","app_templates_customer_service_top_banner_8uw13l4nsjtr2pot":{"value":"","col":"6","position":"before"},"app_templates_customer_service_contact_title":"","app_templates_customer_service_contact_background":"bg-white","app_templates_customer_service_contact_description":"","app_templates_customer_service_contact_drop_downs":[],"app_templates_customer_service_contact_placeholder":"","app_templates_customer_service_contact_to":"","app_templates_customer_service_contact_button":"","app_templates_customer_service_contact_employees":[],"app_templates_customer_service_contact_hide_company":false,"app_templates_customer_service_contact_section_title":"","app_templates_customer_service_contact_section_description":"","app_templates_customer_service_contact_section_contact_info":[],"app_templates_customer_service_modules_modules":[],"app_templates_homepage_top_banner_image":"","app_templates_homepage_top_banner_video":"","app_templates_homepage_top_banner_title":"","app_templates_homepage_top_banner_description":"","app_templates_homepage_top_banner_button":{"value":"","url":"","anchor":"","blank":0},"app_templates_homepage_top_section_services":[],"app_templates_homepage_top_section_text":"","app_templates_homepage_top_section_button":{"value":"","url":"","anchor":"","blank":0},"app_templates_homepage_modules_modules":[],"app_templates_homepage_fr_top_banner_image":"","app_templates_homepage_fr_top_banner_video":"","app_templates_homepage_fr_top_banner_title":"","app_templates_homepage_fr_top_banner_description":"","app_templates_homepage_fr_top_banner_button":{"value":"","url":"","anchor":"","blank":0},"app_templates_homepage_fr_top_section_services":[],"app_templates_homepage_fr_top_section_text":"","app_templates_homepage_fr_top_section_button":{"value":"","url":"","anchor":"","blank":0},"app_templates_homepage_fr_modules_modules":[],"app_templates_iframe_top_banner_krty1p215o7q5unu":{"value":"","col":"6","position":"before"},"app_templates_iframe_top_banner_image":"","app_templates_iframe_top_banner_gtbai375m8wr2hrt":{"value":"","col":"6","position":"before"},"app_templates_iframe_top_banner_n4ilww4odupitigw":{"value":"","col":"6","position":"before"},"app_templates_iframe_top_banner_pretitle":"","app_templates_iframe_top_banner_title":"","app_templates_iframe_top_banner_dpvn8l0noypy3ikc":{"value":"","col":"6","position":"before"},"app_templates_iframe_iframe_url":"","app_templates_map_top_banner_rplumq03j2lu1caa":{"value":"","col":"6","position":"before"},"app_templates_map_top_banner_image":"","app_templates_map_top_banner_lfr9xm4etmr6d1li":{"value":"","col":"6","position":"before"},"app_templates_map_top_banner_c7xriuffk0f2zkna":{"value":"","col":"6","position":"before"},"app_templates_map_top_banner_pretitle":"","app_templates_map_top_banner_title":"","app_templates_map_top_banner_jwjzhihwkojvtbjm":{"value":"","col":"6","position":"before"},"app_templates_map_modules_modules":[],"app_templates_media_top_banner_1fsopn0wwg88tvjw":{"value":"","col":"6","position":"before"},"app_templates_media_top_banner_image":"","app_templates_media_top_banner_zrprzvyv5g4ld4ku":{"value":"","col":"6","position":"before"},"app_templates_media_top_banner_u8xpoiz8zxehjbc5":{"value":"","col":"6","position":"before"},"app_templates_media_top_banner_pretitle":"","app_templates_media_top_banner_title":"","app_templates_media_top_banner_czcrrb9dzcw5py0i":{"value":"","col":"6","position":"before"},"app_templates_media_modules_modules":[],"app_templates_modules_top_banner_g2uiieqnsiou9kyi":{"value":"","col":"6","position":"before"},"app_templates_modules_top_banner_image":"","app_templates_modules_top_banner_jnid3yrdwol00qs8":{"value":"","col":"6","position":"before"},"app_templates_modules_top_banner_flsj14rmzlhkgpho":{"value":"","col":"6","position":"before"},"app_templates_modules_top_banner_pretitle":"","app_templates_modules_top_banner_title":"","app_templates_modules_top_banner_glpcs84ywfpcpye9":{"value":"","col":"6","position":"before"},"app_templates_modules_modules_modules":[],"app_templates_support_top_banner_jggxd4tlksfxxpi3":{"value":"","col":"6","position":"before"},"app_templates_support_top_banner_image":"","app_templates_support_top_banner_ipdduyviuq1iazeu":{"value":"","col":"6","position":"before"},"app_templates_support_top_banner_x2ibcp7mgu3olxj7":{"value":"","col":"6","position":"before"},"app_templates_support_top_banner_pretitle":"","app_templates_support_top_banner_title":"","app_templates_support_top_banner_q4yjrmvkv9jb1jmv":{"value":"","col":"6","position":"before"},"app_templates_support_modules_modules":[],"app_post_types_vacancies_top_banner_image":"1494","app_post_types_vacancies_excerpt_text":"Wir sind ein 100%-iges EnBW-Serviceunternehmen und suchen mehrere Servicetechniker (m\/w\/d) f\u00fcr Windenergieanlagen mit elektrotechnischem Hintergrund in der Region Brandenburg - gern auch als Team!","app_post_types_vacancies_modules_modules":[{"_type":"article","nav_title":"Servicetechniker (m\/w\/d) - einzeln oder als Team - f\u00fcr Enercon-Windenergieanlagen in Beelitz - Region Brandenburg","hide_socials":false,"title":"Servicetechniker (m\/w\/d) - einzeln oder als Team - f\u00fcr Enercon-Windenergieanlagen in Beelitz - Region Brandenburg","subtitle":"","body":"<strong>Als 100%-ige Tochter der EnBW erweitern wir derzeit unser Windkraftanlagen-Portfolio und bauen unser Serviceteam weiter aus. Daf\u00fcr suchen wir engagierte Servicetechniker (m\/w\/d) f\u00fcr Enercon-Windenergieanlagen mit elektrotechnischem Hintergrund in der Region Brandenburg - gern auch als Team!<\/strong>\r\n\r\n<strong>\u00a0<\/strong>\r\n\r\n<strong>\u00a0<\/strong>\r\n\r\n<strong>Deine Aufgaben:\u00a0\u00a0\u00a0\u00a0\u00a0\u00a0\u00a0\u00a0\u00a0\u00a0\u00a0\u00a0\u00a0\u00a0\u00a0\u00a0\u00a0\u00a0\u00a0\u00a0\u00a0\u00a0\u00a0\u00a0\u00a0\u00a0\u00a0\u00a0\u00a0\u00a0\u00a0\u00a0\u00a0\u00a0\u00a0\u00a0\u00a0\u00a0\u00a0\u00a0\u00a0 <\/strong>\r\n\r\nAls Servicetechniker (m\/w\/d) tr\u00e4gst Du eine gro\u00dfe Verantwortung daf\u00fcr, dass die Windenergieanlagen einwandfrei funktionieren.\r\n\r\nDazu geh\u00f6ren u.a.:\r\n<ul>\r\n \t<li>Regelm\u00e4\u00dfige Wartungsarbeiten nach Wartungs- und Inspektionspl\u00e4nen<\/li>\r\n \t<li>Fehlersuche und St\u00f6rungsbehebungen<\/li>\r\n \t<li>Reparatur und Austausch defekter Bauteile<\/li>\r\n \t<li>Bedienen von USV- und Wechselrichteranlagen<\/li>\r\n \t<li>Auftragsbezogene Dokumentation<\/li>\r\n<\/ul>\r\n<strong>\u00a0\u00a0\u00a0\u00a0\u00a0\u00a0\u00a0 Dein Profil:<\/strong>\r\n<ul>\r\n \t<li>Erfolgreich abgeschlossene elektrotechnische Ausbildung (z. B. Elektriker (m\/w\/d) oder Mechatroniker (m\/wd) oder ein vergleichbarer Ausbildungsberuf)<\/li>\r\n \t<li>Mehrj\u00e4hrige Erfahrung im Service- oder Wartungsbereich an Enercon-Anlagen ab E-66<\/li>\r\n \t<li>Einsatzbereitschaft und Flexibilit\u00e4t, auch bei gelegentlichen Montagen au\u00dferhalb des Standorts<\/li>\r\n \t<li>Selbstst\u00e4ndige Arbeitsweise und Qualit\u00e4tsorientierung sowie k\u00f6rperliche Fitness und H\u00f6hentauglichkeit<\/li>\r\n \t<li>F\u00fchrerscheinklasse B<\/li>\r\n<\/ul>\r\n<strong style=\"font-size: 1rem;\">Diese Benefits erwarten Dich:<\/strong>\r\n\r\nEine attraktive Jahresverg\u00fctung\u00a0&amp; Spesenauszahlung, 30 Tage Urlaub und je ein halber Tag an Heiligabend und Silvester, Firmenkreditkarte, betriebliche Altersvorsorge, flexible Arbeitszeiten und \u00dcberstundenausgleich, hochwertige Arbeitskleidung, ein strukturierter Onboardingprozess und ein gro\u00dfes Fortbildungsangebot, Jobrad, Hansefitkarte und Rabatte \u00fcber das Corporate Benefits-Programm.\r\n\r\n<span style=\"font-size: 1rem;\">Du findest Dich in dieser Stellenausschreibung wieder, m\u00f6chtest hochhinaus und die Expansion unseres Unternehmens aktiv mitgestalten, dann freuen wir uns von Dir zu h\u00f6ren.<\/span>\r\n\r\n<strong>Einfach und unkompliziert <\/strong>\r\n\r\n<strong>Alles Weitere besprechen wir mit Dir<\/strong>\r\n\r\nConnected Wind Services Deutschland GmbH\r\nHanna S\u00f6chtig\r\nM\u00fchlenberg 19\r\n25873 Rantrum\r\n\r\n&nbsp;\r\n\r\nBewerbung per E-Mail an Hanna S\u00f6chtig: <a href=\"mailto:bewerbung@connectedwind.com\">bewerbung@connectedwind.com <\/a>oder per WhatsApp an: +49 162 316 2421"}],"_links":{"self":[{"href":"https:\/\/www.connectedwind.com\/de\/wp-json\/wp\/v2\/vacancies\/8933","targetHints":{"allow":["GET"]}}],"collection":[{"href":"https:\/\/www.connectedwind.com\/de\/wp-json\/wp\/v2\/vacancies"}],"about":[{"href":"https:\/\/www.connectedwind.com\/de\/wp-json\/wp\/v2\/types\/vacancies"}],"version-history":[{"count":11,"href":"https:\/\/www.connectedwind.com\/de\/wp-json\/wp\/v2\/vacancies\/8933\/revisions"}],"predecessor-version":[{"id":9575,"href":"https:\/\/www.connectedwind.com\/de\/wp-json\/wp\/v2\/vacancies\/8933\/revisions\/9575"}],"wp:attachment":[{"href":"https:\/\/www.connectedwind.com\/de\/wp-json\/wp\/v2\/media?parent=8933"}],"curies":[{"name":"wp","href":"https:\/\/api.w.org\/{rel}","templated":true}]}}